{"id":120,"date":"2024-06-03T18:09:01","date_gmt":"2024-06-03T16:09:01","guid":{"rendered":"https:\/\/www.avisperugia.it\/newsite\/?page_id=120"},"modified":"2026-02-16T13:02:28","modified_gmt":"2026-02-16T12:02:28","slug":"assemblea","status":"publish","type":"page","link":"https:\/\/www.avisperugia.it\/newsite\/assemblea\/","title":{"rendered":"Assemblea"},"content":{"rendered":"\n<p><strong>L\u2019Avis Comunale di Perugia \u00e8 rappresentato da ogni singolo Socio<\/strong>, sia esso un donatore o un collaboratore, ma come succede in qualsiasi realt\u00e0 composta da tante persone, occorre individuare periodicamente (nel caso di Avis Comunale di Perugia accade ogni 4 anni) una rappresentanza.<\/p>\n\n\n\n<p>Immaginate che cosa potrebbe succedere se migliaia di persone si radunassero ed ognuna di esse esprimesse il proprio parere su come fare una cosa i quale programma perseguire. Per ovviare a questo inconveniente, non da poco,<strong>&nbsp;i Soci eleggono alcune persone scelte tra loro per rappresentare l\u2019associazione. Il mandato ha una durata di quattro anni ed \u00e8 rinnovabile per altri quattro anni.<\/strong><\/p>\n\n\n\n<p>Le persone elette vanno a formare il Consiglio Direttivo che ogni anno, proprio in occasione dell\u2019assemblea ordinaria, rende conto ai Soci presenti sull\u2019attivit\u00e0 svolta e i risultati raggiunti, sulle le future prospettive dell\u2019Associazione e sui programma in corso o da adottare. Sta ai Soci approvare o meno quanto fatto dal Consiglio Direttivo in carica, approvare il Bilancio consuntivo, ratificare il preventivo finanziario, approvare quanto proposto dal Consiglio Direttivo in merito alle attivit\u00e0 degli anni a seguire e le eventuali proposte di modifiche statutarie. Ma la cosa pi\u00f9 importante \u00e8 il potere di nominare (attraverso le Elezioni) i componenti del Consiglio Direttivo.<\/p>\n\n\n\n<p class=\"has-text-align-center\"><\/p>\n\n\n\n<html>\n\n<head>\n<meta http-equiv=Content-Type content=\"text\/html; charset=windows-1252\">\n<meta name=Generator content=\"Microsoft Word 15 (filtered)\">\n<style>\n<!--\n \/* Font Definitions *\/\n @font-face\n\t{font-family:Wingdings;\n\tpanose-1:5 0 0 0 0 0 0 0 0 0;}\n@font-face\n\t{font-family:\"Cambria Math\";\n\tpanose-1:2 4 5 3 5 4 6 3 2 4;}\n@font-face\n\t{font-family:Calibri;\n\tpanose-1:2 15 5 2 2 2 4 3 2 4;}\n@font-face\n\t{font-family:\"Segoe UI\";\n\tpanose-1:2 11 5 2 4 2 4 2 2 3;}\n \/* Style Definitions *\/\n p.MsoNormal, li.MsoNormal, div.MsoNormal\n\t{margin:0cm;\n\tfont-size:12.0pt;\n\tfont-family:\"Times New Roman\",serif;}\np.MsoHeader, li.MsoHeader, div.MsoHeader\n\t{margin:0cm;\n\tfont-size:12.0pt;\n\tfont-family:\"Times New Roman\",serif;}\np.MsoFooter, li.MsoFooter, div.MsoFooter\n\t{mso-style-link:\"Pi  di pagina Carattere\";\n\tmargin:0cm;\n\tfont-size:12.0pt;\n\tfont-family:\"Times New Roman\",serif;}\nspan.PidipaginaCarattere\n\t{mso-style-name:\"Pi  di pagina Carattere\";\n\tmso-style-link:\"Pi  di pagina\";}\n.MsoChpDefault\n\t{font-size:10.0pt;}\n \/* Page Definitions *\/\n @page WordSection1\n\t{size:595.3pt 841.9pt;\n\tmargin:42.55pt 2.0cm 42.55pt 48.2pt;}\ndiv.WordSection1\n\t{page:WordSection1;}\n \/* List Definitions *\/\n ol\n\t{margin-bottom:0cm;}\nul\n\t{margin-bottom:0cm;}\n-->\n<\/style>\n\n<\/head>\n\n<body lang=IT link=\"#0563C1\" vlink=\"#96607D\" style='word-wrap:break-word'>\n\n<div class=WordSection1>\n\n<p class=MsoNormal style='margin-left:283.2pt;text-align:justify;text-indent:\n35.4pt'><span style='font-size:10.0pt;font-family:\"Calibri\",sans-serif'>&nbsp;<\/span><\/p>\n\n<p class=MsoNormal style='text-align:justify;line-height:115%'><i><span\nstyle='font-size:11.0pt;line-height:115%;font-family:\"Calibri\",sans-serif'>Prot.\n30\/26<\/span><\/i><\/p>\n\n<p class=MsoNormal align=right style='margin-left:212.4pt;text-align:right;\ntext-indent:35.4pt;line-height:115%'><i><span style='font-size:11.0pt;\nline-height:115%;font-family:\"Calibri\",sans-serif'>Ai Sig.ri Soci <\/span><\/i><\/p>\n\n<p class=MsoNormal style='text-align:justify;line-height:115%'><span\nstyle='font-family:\"Arial\",sans-serif'>&nbsp;<\/span><\/p>\n\n<p class=MsoNormal style='margin-bottom:10.0pt;text-align:justify;line-height:\n115%'><b><span style='font-family:\"Calibri\",sans-serif'>Oggetto:<\/span><\/b><span\nstyle='font-family:\"Calibri\",sans-serif'> <b>CONVOCAZIONE ASSEMBLEA ORDINARIA\nDEGLI ASSOCIATI<\/b><\/span><\/p>\n\n<p class=MsoNormal style='text-align:justify;line-height:150%'><b><span\nstyle='font-size:11.0pt;line-height:150%;font-family:\"Calibri\",sans-serif'>L Assemblea\nordinaria degli Associati dell Avis Comunale di Perugia, ai sensi dell art. 8\nc. 6 dello Statuto Comunale  <\/span><\/b><\/p>\n\n<p class=MsoNormal align=center style='text-align:center;line-height:150%'><b><span\nstyle='font-family:\"Calibri\",sans-serif;text-transform:uppercase'>convocata<\/span><\/b><\/p>\n\n<p class=MsoNormal style='text-align:justify;line-height:150%'><span\nstyle='font-size:11.0pt;line-height:150%;font-family:\"Calibri\",sans-serif'>per\nil giorno <b>28 FEBBRAIO 2026<\/b> con inizio alle ore 05.00 in prima\nconvocazione ed <b>alle ore 15.00? in seconda, presso SALA DEI NOTARI del\nPalazzo dei Priori (Corso Vannucci, 19   06122 Perugia)<\/b> con il seguente\no.d.g.:<\/span><\/p>\n\n<p class=MsoNormal style='text-align:justify;line-height:150%'><b><span\nstyle='font-size:11.0pt;line-height:150%;font-family:\"Calibri\",sans-serif'>&nbsp;<\/span><\/b><\/p>\n\n<p class=MsoNormal style='margin-top:0cm;margin-right:0cm;margin-bottom:10.0pt;\nmargin-left:35.7pt;text-align:justify;text-indent:-17.85pt;line-height:115%'><span\nstyle='font-size:11.0pt;line-height:115%;font-family:\"Calibri\",sans-serif'>1.<span\nstyle='font:7.0pt \"Times New Roman\"'>&nbsp;&nbsp;&nbsp;&nbsp;&nbsp; <\/span><\/span><span\nstyle='font-size:11.0pt;line-height:115%;font-family:\"Calibri\",sans-serif'>Insediamento\ndell Ufficio di Presidenza e Nomina Questori di sala;<\/span><\/p>\n\n<p class=MsoNormal style='margin-top:0cm;margin-right:0cm;margin-bottom:10.0pt;\nmargin-left:35.7pt;text-align:justify;text-indent:-17.85pt;line-height:115%'><span\nstyle='font-size:11.0pt;line-height:115%;font-family:\"Calibri\",sans-serif'>2.<span\nstyle='font:7.0pt \"Times New Roman\"'>&nbsp;&nbsp;&nbsp;&nbsp;&nbsp; <\/span><\/span><span\nstyle='font-size:11.0pt;line-height:115%;font-family:\"Calibri\",sans-serif'>Lettura\nverbale assemblea precedente;<\/span><\/p>\n\n<p class=MsoNormal style='margin-top:0cm;margin-right:0cm;margin-bottom:10.0pt;\nmargin-left:35.7pt;text-align:justify;text-indent:-17.85pt;line-height:115%'><span\nstyle='font-size:11.0pt;line-height:115%;font-family:\"Calibri\",sans-serif'>3.<span\nstyle='font:7.0pt \"Times New Roman\"'>&nbsp;&nbsp;&nbsp;&nbsp;&nbsp; <\/span><\/span><span\nstyle='font-size:11.0pt;line-height:115%;font-family:\"Calibri\",sans-serif'>Esposizione\ndella relazione delle attivit  del Consiglio Direttivo, del Bilancio consuntivo\nanno 2025 con relativa relazione di missione e del Bilancio preventivo 2026;<\/span><\/p>\n\n<ol style='margin-top:0cm' start=4 type=1>\n <li class=MsoNormal style='margin-bottom:10.0pt;line-height:115%'><span\n     style='font-size:11.0pt;line-height:115%;font-family:\"Calibri\",sans-serif'>Relazione\n     dell Addetto contabile e di bilancio; <\/span><\/li>\n<\/ol>\n\n<p class=MsoNormal style='margin-top:0cm;margin-right:0cm;margin-bottom:10.0pt;\nmargin-left:35.7pt;text-indent:-17.85pt;line-height:115%'><span\nstyle='font-size:11.0pt;line-height:115%;font-family:\"Calibri\",sans-serif'>5.<span\nstyle='font:7.0pt \"Times New Roman\"'>&nbsp;&nbsp;&nbsp;&nbsp;&nbsp; <\/span><\/span><span\nstyle='font-size:11.0pt;line-height:115%;font-family:\"Calibri\",sans-serif'>Dibattito\ned interventi programmati;<\/span><\/p>\n\n<p class=MsoNormal style='margin-top:0cm;margin-right:0cm;margin-bottom:10.0pt;\nmargin-left:35.7pt;text-align:justify;text-indent:-17.85pt;line-height:115%'><span\nstyle='font-size:11.0pt;line-height:115%;font-family:\"Calibri\",sans-serif'>6.<span\nstyle='font:7.0pt \"Times New Roman\"'>&nbsp;&nbsp;&nbsp;&nbsp;&nbsp; <\/span><\/span><span\nstyle='font-size:11.0pt;line-height:115%;font-family:\"Calibri\",sans-serif'>Approvazione\ndella relazione delle attivit  del Consiglio Direttivo anno 2025;<\/span><\/p>\n\n<p class=MsoNormal style='margin-top:0cm;margin-right:0cm;margin-bottom:10.0pt;\nmargin-left:35.7pt;text-align:justify;text-indent:-17.85pt;line-height:115%'><span\nstyle='font-size:11.0pt;line-height:115%;font-family:\"Calibri\",sans-serif'>7.<span\nstyle='font:7.0pt \"Times New Roman\"'>&nbsp;&nbsp;&nbsp;&nbsp;&nbsp; <\/span><\/span><span\nstyle='font-size:11.0pt;line-height:115%;font-family:\"Calibri\",sans-serif'>Approvazione\ndel Bilancio Consuntivo 2025 con relativa relazione di missione;  <\/span><\/p>\n\n<p class=MsoNormal style='margin-top:0cm;margin-right:0cm;margin-bottom:10.0pt;\nmargin-left:35.7pt;text-align:justify;text-indent:-17.85pt;line-height:115%'><span\nstyle='font-size:11.0pt;line-height:115%;font-family:\"Calibri\",sans-serif'>8.<span\nstyle='font:7.0pt \"Times New Roman\"'>&nbsp;&nbsp;&nbsp;&nbsp;&nbsp; <\/span><\/span><span\nstyle='font-size:11.0pt;line-height:115%;font-family:\"Calibri\",sans-serif'>Ratifica\nBilancio Preventivo anno 2026;<\/span><\/p>\n\n<p class=MsoNormal style='margin-left:35.7pt;text-align:justify;text-indent:\n-17.85pt;line-height:115%'><span style='font-size:11.0pt;line-height:115%;\nfont-family:\"Calibri\",sans-serif'>9.<span style='font:7.0pt \"Times New Roman\"'>&nbsp;&nbsp;&nbsp;&nbsp;&nbsp;\n<\/span><\/span><span style='font-size:11.0pt;line-height:115%;font-family:\"Calibri\",sans-serif'>Nomina\ndei Delegati, Soci persone fisiche dell Avis Comunale di Perugia all Assemblea\ndell Avis Provinciale di Perugia; <\/span><\/p>\n\n<p class=MsoNormal style='margin-left:35.7pt;text-align:justify;text-indent:\n-17.85pt;line-height:115%'><span style='font-size:11.0pt;line-height:115%;\nfont-family:\"Calibri\",sans-serif'>10.<span style='font:7.0pt \"Times New Roman\"'>&nbsp;&nbsp;\n<\/span><\/span><span style='font-size:11.0pt;line-height:115%;font-family:\"Calibri\",sans-serif'>Proposte\ndi candidatura a Delegato per le Assemblee Avis Regionale e Nazionale;<\/span><\/p>\n\n<p class=MsoNormal style='margin-bottom:10.0pt;text-align:justify;line-height:\n115%'><span style='font-size:11.0pt;line-height:115%;font-family:\"Calibri\",sans-serif'>&nbsp;<\/span><\/p>\n\n<p class=MsoNormal style='margin-bottom:10.0pt;text-align:justify;line-height:\n115%'><span style='font-size:11.0pt;line-height:115%;font-family:\"Calibri\",sans-serif'>Cordiali\nsaluti.<\/span><\/p>\n\n<p class=MsoNormal style='margin-bottom:10.0pt;text-align:justify;line-height:\n115%'><span style='font-size:11.0pt;line-height:115%;font-family:\"Calibri\",sans-serif'>                                                                                                 \n                                                                    Il\nPresidente<\/span><\/p>\n\n<p class=MsoNormal align=center style='margin-bottom:10.0pt;text-align:center;\nline-height:115%'><i><span style='font-size:11.0pt;line-height:115%;font-family:\n\"Calibri\",sans-serif'>                                                                                                                                                               Stefano\nMigliorati<\/span><\/i><\/p>\n\n<\/div>\n\n<\/body>\n\n<\/html>\n\n","protected":false},"excerpt":{"rendered":"<p>L\u2019Avis Comunale di Perugia \u00e8 rappresentato da ogni singolo Socio, sia esso un donatore o un collaboratore, ma come succede in qualsiasi realt\u00e0 composta da tante persone, occorre individuare periodicamente (nel caso di Avis Comunale di Perugia accade ogni 4 anni) una rappresentanza. Immaginate che cosa potrebbe succedere se migliaia di persone si radunassero ed [&hellip;]<\/p>\n","protected":false},"author":1,"featured_media":0,"parent":0,"menu_order":0,"comment_status":"closed","ping_status":"closed","template":"","meta":{"footnotes":""},"class_list":["post-120","page","type-page","status-publish","hentry"],"_links":{"self":[{"href":"https:\/\/www.avisperugia.it\/newsite\/wp-json\/wp\/v2\/pages\/120","targetHints":{"allow":["GET"]}}],"collection":[{"href":"https:\/\/www.avisperugia.it\/newsite\/wp-json\/wp\/v2\/pages"}],"about":[{"href":"https:\/\/www.avisperugia.it\/newsite\/wp-json\/wp\/v2\/types\/page"}],"author":[{"embeddable":true,"href":"https:\/\/www.avisperugia.it\/newsite\/wp-json\/wp\/v2\/users\/1"}],"replies":[{"embeddable":true,"href":"https:\/\/www.avisperugia.it\/newsite\/wp-json\/wp\/v2\/comments?post=120"}],"version-history":[{"count":6,"href":"https:\/\/www.avisperugia.it\/newsite\/wp-json\/wp\/v2\/pages\/120\/revisions"}],"predecessor-version":[{"id":662,"href":"https:\/\/www.avisperugia.it\/newsite\/wp-json\/wp\/v2\/pages\/120\/revisions\/662"}],"wp:attachment":[{"href":"https:\/\/www.avisperugia.it\/newsite\/wp-json\/wp\/v2\/media?parent=120"}],"curies":[{"name":"wp","href":"https:\/\/api.w.org\/{rel}","templated":true}]}}